{"id":1787,"date":"2022-05-01T01:28:17","date_gmt":"2022-04-30T23:28:17","guid":{"rendered":"http:\/\/www.schneider-prevention.fr\/?page_id=1787"},"modified":"2025-12-21T07:35:46","modified_gmt":"2025-12-21T06:35:46","slug":"1787-2","status":"publish","type":"page","link":"https:\/\/www.schneider-prevention.fr\/index.php\/1787-2\/","title":{"rendered":"Schneider Pr\u00e9vention"},"content":{"rendered":"<p>[et_pb_section fb_built=\u00a0\u00bb1&Prime; _builder_version=\u00a0\u00bb4.16&Prime; _module_preset=\u00a0\u00bbdefault\u00a0\u00bb global_colors_info=\u00a0\u00bb{}\u00a0\u00bb][et_pb_row column_structure=\u00a0\u00bb1_2,1_2&Prime; _builder_version=\u00a0\u00bb4.16&Prime; _module_preset=\u00a0\u00bbdefault\u00a0\u00bb global_colors_info=\u00a0\u00bb{}\u00a0\u00bb][et_pb_column type=\u00a0\u00bb1_2&Prime; _builder_version=\u00a0\u00bb4.16&Prime; _module_preset=\u00a0\u00bbdefault\u00a0\u00bb global_colors_info=\u00a0\u00bb{}\u00a0\u00bb][et_pb_image src=\u00a0\u00bbhttps:\/\/www.schneider-prevention.fr\/wp-content\/uploads\/2022\/05\/Logo_et_degagement_SP_RVB_web_petit.jpg\u00a0\u00bb title_text=\u00a0\u00bbLogo_et_degagement_SP_RVB_web_petit\u00a0\u00bb force_fullwidth=\u00a0\u00bbon\u00a0\u00bb _builder_version=\u00a0\u00bb4.25.1&Prime; _module_preset=\u00a0\u00bbdefault\u00a0\u00bb module_alignment=\u00a0\u00bbcenter\u00a0\u00bb global_colors_info=\u00a0\u00bb{}\u00a0\u00bb][\/et_pb_image][\/et_pb_column][et_pb_column type=\u00a0\u00bb1_2&Prime; _builder_version=\u00a0\u00bb4.16&Prime; _module_preset=\u00a0\u00bbdefault\u00a0\u00bb global_colors_info=\u00a0\u00bb{}\u00a0\u00bb][et_pb_text _builder_version=\u00a0\u00bb4.25.1&Prime; _module_preset=\u00a0\u00bbdefault\u00a0\u00bb text_orientation=\u00a0\u00bbjustified\u00a0\u00bb global_colors_info=\u00a0\u00bb{}\u00a0\u00bb]Nous croyons fermement en la s\u00e9curit\u00e9 et en la pr\u00e9vention des risques professionnels. Chez Schneider Pr\u00e9vention, votre s\u00e9curit\u00e9 est notre priorit\u00e9 absolue. Nous mettons \u00e0 profit notre expertise pour former et accompagner les professionnels dans leur d\u00e9marche de pr\u00e9vention. Engagez-vous avec nous pour garantir un environnement de travail s\u00fbr et sain. Contactez-nous d\u00e8s aujourd&rsquo;hui pour en savoir plus![\/et_pb_text][et_pb_text _builder_version=\u00a0\u00bb4.27.5&Prime; _module_preset=\u00a0\u00bbdefault\u00a0\u00bb text_orientation=\u00a0\u00bbjustified\u00a0\u00bb global_colors_info=\u00a0\u00bb{}\u00a0\u00bb]<\/p>\n<p>Pr\u00e9sent en r\u00e9gion Centre-Val-de-Loire, en Ile-de-France, en Occitanie et en Alsace, nous rayonnons en activant des formateurs exp\u00e9riment\u00e9s choisis en fonction de leur comp\u00e9tences et de leur proximit\u00e9 avec le lieu de formation.<\/p>\n<p>[\/et_pb_text][et_pb_text _builder_version=\u00a0\u00bb4.27.5&Prime; _module_preset=\u00a0\u00bbdefault\u00a0\u00bb text_orientation=\u00a0\u00bbjustified\u00a0\u00bb global_colors_info=\u00a0\u00bb{}\u00a0\u00bb]<\/p>\n<h4 style=\"text-align: center;\"><em><strong>Pour nous contacter : <a href=\"mailto:contact@schneider-prevention.fr\">contact@schneider-prevention.fr<\/a><\/strong><\/em><\/h4>\n<h4 style=\"text-align: center;\"><em><strong>ou 07 67 57 38 42<\/strong><\/em><\/h4>\n<p>[\/et_pb_text][\/et_pb_column][\/et_pb_row][et_pb_row _builder_version=\u00a0\u00bb4.16&Prime; _module_preset=\u00a0\u00bbdefault\u00a0\u00bb global_colors_info=\u00a0\u00bb{}\u00a0\u00bb][et_pb_column type=\u00a0\u00bb4_4&Prime; _builder_version=\u00a0\u00bb4.16&Prime; _module_preset=\u00a0\u00bbdefault\u00a0\u00bb global_colors_info=\u00a0\u00bb{}\u00a0\u00bb][et_pb_button button_url=\u00a0\u00bbhttps:\/\/schneider-prevention2.catalogueformpro.com\u00a0\u00bb url_new_window=\u00a0\u00bbon\u00a0\u00bb button_text=\u00a0\u00bbD\u00e9couvrez notre catalogue de formations !\u00a0\u00bb button_alignment=\u00a0\u00bbcenter\u00a0\u00bb _builder_version=\u00a0\u00bb4.25.1&Prime; _module_preset=\u00a0\u00bbdefault\u00a0\u00bb global_colors_info=\u00a0\u00bb{}\u00a0\u00bb][\/et_pb_button][\/et_pb_column][\/et_pb_row][et_pb_row column_structure=\u00a0\u00bb1_2,1_2&Prime; _builder_version=\u00a0\u00bb4.16&Prime; _module_preset=\u00a0\u00bbdefault\u00a0\u00bb global_colors_info=\u00a0\u00bb{}\u00a0\u00bb][et_pb_column type=\u00a0\u00bb1_2&Prime; _builder_version=\u00a0\u00bb4.16&Prime; _module_preset=\u00a0\u00bbdefault\u00a0\u00bb global_colors_info=\u00a0\u00bb{}\u00a0\u00bb][et_pb_text _builder_version=\u00a0\u00bb4.25.1&Prime; _module_preset=\u00a0\u00bbdefault\u00a0\u00bb text_orientation=\u00a0\u00bbjustified\u00a0\u00bb global_colors_info=\u00a0\u00bb{}\u00a0\u00bb]<\/p>\n<p><span style=\"text-decoration: underline;\">Nos Valeurs :<\/span><\/p>\n<p><strong> Expertise<\/strong> : Une \u00e9quipe de professionnels exp\u00e9riment\u00e9s et certifi\u00e9s dans le domaine de la s\u00e9curit\u00e9 au travail.<br \/><strong>Innovation<\/strong> : Utilisation de technologies avanc\u00e9es et de m\u00e9thodologies innovantes pour la pr\u00e9vention des risques.<br \/><strong>Engagement<\/strong> : Un engagement fort envers la sant\u00e9 et la s\u00e9curit\u00e9 des travailleurs.<br \/><strong>Proximit\u00e9<\/strong> : Une approche personnalis\u00e9e et un accompagnement de proximit\u00e9 pour chaque client.<\/p>\n<p>[\/et_pb_text][\/et_pb_column][et_pb_column type=\u00a0\u00bb1_2&Prime; _builder_version=\u00a0\u00bb4.16&Prime; _module_preset=\u00a0\u00bbdefault\u00a0\u00bb global_colors_info=\u00a0\u00bb{}\u00a0\u00bb][et_pb_image src=\u00a0\u00bbhttps:\/\/www.schneider-prevention.fr\/wp-content\/uploads\/2024\/05\/sst.jpg\u00a0\u00bb title_text=\u00a0\u00bbWarehouse workers after an accident in a warehouse.\u00a0\u00bb _builder_version=\u00a0\u00bb4.25.1&Prime; _module_preset=\u00a0\u00bbdefault\u00a0\u00bb global_colors_info=\u00a0\u00bb{}\u00a0\u00bb][\/et_pb_image][\/et_pb_column][\/et_pb_row][et_pb_row column_structure=\u00a0\u00bb1_2,1_2&Prime; _builder_version=\u00a0\u00bb4.25.1&Prime; _module_preset=\u00a0\u00bbdefault\u00a0\u00bb global_colors_info=\u00a0\u00bb{}\u00a0\u00bb][et_pb_column type=\u00a0\u00bb1_2&Prime; _builder_version=\u00a0\u00bb4.25.1&Prime; _module_preset=\u00a0\u00bbdefault\u00a0\u00bb global_colors_info=\u00a0\u00bb{}\u00a0\u00bb][et_pb_image src=\u00a0\u00bbhttps:\/\/www.schneider-prevention.fr\/wp-content\/uploads\/2024\/05\/qualiopi.png\u00a0\u00bb title_text=\u00a0\u00bbqualiopi\u00a0\u00bb align=\u00a0\u00bbcenter\u00a0\u00bb _builder_version=\u00a0\u00bb4.25.1&Prime; _module_preset=\u00a0\u00bbdefault\u00a0\u00bb global_colors_info=\u00a0\u00bb{}\u00a0\u00bb][\/et_pb_image][et_pb_text _builder_version=\u00a0\u00bb4.25.1&Prime; _module_preset=\u00a0\u00bbdefault\u00a0\u00bb custom_padding=\u00a0\u00bb3px|||||\u00a0\u00bb global_colors_info=\u00a0\u00bb{}\u00a0\u00bb]<\/p>\n<p><em><strong>Focus sur la Pratique et l&rsquo;Application :<\/strong><\/em><br \/>Les formations incluent des exercices pratiques et des mises en situation qui permettent aux participants de mettre en \u0153uvre les concepts appris. Cela renforce la compr\u00e9hension et facilite l\u2019application des comp\u00e9tences acquises dans leurs environnements de travail.<\/p>\n<p><em><strong>Retour et \u00c9valuation des Participants :<\/strong><\/em><br \/>Schneider Pr\u00e9vention recueille r\u00e9guli\u00e8rement des retours des participants pour \u00e9valuer et am\u00e9liorer continuellement la qualit\u00e9 des formations. Ces retours sont pris en compte pour adapter les contenus et les m\u00e9thodes p\u00e9dagogiques.<\/p>\n<p>[\/et_pb_text][et_pb_image src=\u00a0\u00bbhttps:\/\/www.schneider-prevention.fr\/wp-content\/uploads\/2024\/05\/formation.jpg\u00a0\u00bb title_text=\u00a0\u00bbformation\u00a0\u00bb _builder_version=\u00a0\u00bb4.25.1&Prime; _module_preset=\u00a0\u00bbdefault\u00a0\u00bb global_colors_info=\u00a0\u00bb{}\u00a0\u00bb][\/et_pb_image][et_pb_text _builder_version=\u00a0\u00bb4.25.1&Prime; _module_preset=\u00a0\u00bbdefault\u00a0\u00bb custom_padding=\u00a0\u00bb3px|||||\u00a0\u00bb global_colors_info=\u00a0\u00bb{}\u00a0\u00bb]<\/p>\n<p><em><strong>Certifications et Reconnaissance :<\/strong><\/em><br \/>Les formations de Schneider Pr\u00e9vention sont souvent certifi\u00e9es et reconnues par des organismes professionnels, ce qui ajoute une valeur significative aux comp\u00e9tences acquises par les participants.<\/p>\n<p>En r\u00e9sum\u00e9, la qualit\u00e9 des formations de Schneider Pr\u00e9vention repose sur l\u2019expertise des formateurs, la pertinence et l\u2019actualit\u00e9 des contenus, des m\u00e9thodes p\u00e9dagogiques diversifi\u00e9es, un fort accent sur la pratique, et une \u00e9valuation continue des formations. Ces \u00e9l\u00e9ments garantissent que les participants re\u00e7oivent une \u00e9ducation de haute qualit\u00e9 qui les pr\u00e9pare efficacement \u00e0 g\u00e9rer les risques dans leurs environnements professionnels.<\/p>\n<p>[\/et_pb_text][\/et_pb_column][et_pb_column type=\u00a0\u00bb1_2&Prime; _builder_version=\u00a0\u00bb4.25.1&Prime; _module_preset=\u00a0\u00bbdefault\u00a0\u00bb global_colors_info=\u00a0\u00bb{}\u00a0\u00bb][et_pb_text _builder_version=\u00a0\u00bb4.25.1&Prime; _module_preset=\u00a0\u00bbdefault\u00a0\u00bb text_orientation=\u00a0\u00bbjustified\u00a0\u00bb custom_padding=\u00a0\u00bb||0px|||\u00a0\u00bb global_colors_info=\u00a0\u00bb{}\u00a0\u00bb]<\/p>\n<p>Les formations propos\u00e9es par Schneider Pr\u00e9vention sont r\u00e9put\u00e9es pour leur <strong>haute qualit\u00e9<\/strong> et leur <strong>pertinence<\/strong> dans le domaine de la pr\u00e9vention des risques professionnels. Voici quelques aspects cl\u00e9s qui illustrent cette qualit\u00e9 :[\/et_pb_text][et_pb_image src=\u00a0\u00bbhttps:\/\/www.schneider-prevention.fr\/wp-content\/uploads\/2024\/05\/Satisfaction-97.png\u00a0\u00bb title_text=\u00a0\u00bbSatisfaction 97&Prime; align=\u00a0\u00bbcenter\u00a0\u00bb _builder_version=\u00a0\u00bb4.25.1&Prime; _module_preset=\u00a0\u00bbdefault\u00a0\u00bb width=\u00a0\u00bb36%\u00a0\u00bb global_colors_info=\u00a0\u00bb{}\u00a0\u00bb][\/et_pb_image][et_pb_text _builder_version=\u00a0\u00bb4.25.1&Prime; _module_preset=\u00a0\u00bbdefault\u00a0\u00bb text_orientation=\u00a0\u00bbjustified\u00a0\u00bb global_colors_info=\u00a0\u00bb{}\u00a0\u00bb]<\/p>\n<p><em><strong>Programmes Actualis\u00e9s et Conformes aux Normes :<\/strong><\/em><br \/>Les programmes de formation sont r\u00e9guli\u00e8rement mis \u00e0 jour pour refl\u00e9ter les derni\u00e8res \u00e9volutions r\u00e9glementaires et les meilleures pratiques en mati\u00e8re de pr\u00e9vention des risques. Cela assure que les participants re\u00e7oivent des informations pertinentes et \u00e0 jour.<\/p>\n<p><em><strong>M\u00e9thodologies P\u00e9dagogiques Vari\u00e9es<\/strong> <\/em>:<br \/>Schneider Pr\u00e9vention utilise diverses m\u00e9thodes p\u00e9dagogiques pour s\u2019adapter aux diff\u00e9rents styles d\u2019apprentissage. Cela inclut des cours th\u00e9oriques, des ateliers pratiques, des \u00e9tudes de cas, et des simulations, permettant une meilleure assimilation des connaissances.<\/p>\n<p>[\/et_pb_text][et_pb_image src=\u00a0\u00bbhttps:\/\/www.schneider-prevention.fr\/wp-content\/uploads\/2024\/05\/formation-2.jpg\u00a0\u00bb _builder_version=\u00a0\u00bb4.25.1&Prime; _module_preset=\u00a0\u00bbdefault\u00a0\u00bb global_colors_info=\u00a0\u00bb{}\u00a0\u00bb][\/et_pb_image][et_pb_text _builder_version=\u00a0\u00bb4.27.5&Prime; _module_preset=\u00a0\u00bbdefault\u00a0\u00bb background_color=\u00a0\u00bb#0DA0C5&Prime; global_colors_info=\u00a0\u00bb{}\u00a0\u00bb]<\/p>\n<p style=\"text-align: left;\"><span style=\"text-decoration: underline;\"><span style=\"color: #000000;\"><strong>Nous contacter :<\/strong><\/span><\/span><\/p>\n<p style=\"text-align: center;\"><span style=\"font-size: large; color: #000000;\"><strong>07 67 57 38 42<\/strong><\/span><br \/><span style=\"font-size: large; color: #000000;\"><strong>contact@schneider-prevention.fr<\/strong><\/span><\/p>\n<p>[\/et_pb_text][\/et_pb_column][\/et_pb_row][et_pb_row _builder_version=\u00a0\u00bb4.25.1&Prime; _module_preset=\u00a0\u00bbdefault\u00a0\u00bb global_colors_info=\u00a0\u00bb{}\u00a0\u00bb][et_pb_column type=\u00a0\u00bb4_4&Prime; _builder_version=\u00a0\u00bb4.25.1&Prime; _module_preset=\u00a0\u00bbdefault\u00a0\u00bb global_colors_info=\u00a0\u00bb{}\u00a0\u00bb][et_pb_divider _builder_version=\u00a0\u00bb4.25.1&Prime; _module_preset=\u00a0\u00bbdefault\u00a0\u00bb global_colors_info=\u00a0\u00bb{}\u00a0\u00bb][\/et_pb_divider][et_pb_text _builder_version=\u00a0\u00bb4.25.2&Prime; _module_preset=\u00a0\u00bbdefault\u00a0\u00bb global_colors_info=\u00a0\u00bb{}\u00a0\u00bb]<\/p>\n<h1><strong><span style=\"color: #000080;\">Nos habilitations nationales<\/span><\/strong><\/h1>\n<p>[\/et_pb_text][\/et_pb_column][\/et_pb_row][et_pb_row column_structure=\u00a0\u00bb1_3,1_3,1_3&Prime; _builder_version=\u00a0\u00bb4.25.1&Prime; _module_preset=\u00a0\u00bbdefault\u00a0\u00bb global_colors_info=\u00a0\u00bb{}\u00a0\u00bb][et_pb_column type=\u00a0\u00bb1_3&Prime; _builder_version=\u00a0\u00bb4.25.1&Prime; _module_preset=\u00a0\u00bbdefault\u00a0\u00bb global_colors_info=\u00a0\u00bb{}\u00a0\u00bb][et_pb_image src=\u00a0\u00bbhttps:\/\/www.schneider-prevention.fr\/wp-content\/uploads\/2024\/06\/Logo-acteur-prap-IBC.jpg\u00a0\u00bb title_text=\u00a0\u00bbLogo acteur prap IBC\u00a0\u00bb _builder_version=\u00a0\u00bb4.25.1&Prime; _module_preset=\u00a0\u00bbdefault\u00a0\u00bb width=\u00a0\u00bb60%\u00a0\u00bb module_alignment=\u00a0\u00bbcenter\u00a0\u00bb global_colors_info=\u00a0\u00bb{}\u00a0\u00bb][\/et_pb_image][et_pb_text _builder_version=\u00a0\u00bb4.25.1&Prime; _module_preset=\u00a0\u00bbdefault\u00a0\u00bb global_colors_info=\u00a0\u00bb{}\u00a0\u00bb]<\/p>\n<p style=\"text-align: center;\"><strong>Habilitation de l&rsquo;INRS \u00e0 d\u00e9livrer des certificats d&rsquo;acteurs PRAP IBC<\/strong><\/p>\n<p>[\/et_pb_text][\/et_pb_column][et_pb_column type=\u00a0\u00bb1_3&Prime; _builder_version=\u00a0\u00bb4.25.1&Prime; _module_preset=\u00a0\u00bbdefault\u00a0\u00bb global_colors_info=\u00a0\u00bb{}\u00a0\u00bb][et_pb_image src=\u00a0\u00bbhttps:\/\/www.schneider-prevention.fr\/wp-content\/uploads\/2024\/06\/Icone-SST-vert.png\u00a0\u00bb title_text=\u00a0\u00bbIcone SST vert\u00a0\u00bb _builder_version=\u00a0\u00bb4.25.1&Prime; _module_preset=\u00a0\u00bbdefault\u00a0\u00bb global_colors_info=\u00a0\u00bb{}\u00a0\u00bb][\/et_pb_image][et_pb_text _builder_version=\u00a0\u00bb4.25.1&Prime; _module_preset=\u00a0\u00bbdefault\u00a0\u00bb global_colors_info=\u00a0\u00bb{}\u00a0\u00bb]<\/p>\n<p style=\"text-align: center;\"><strong>Habilitation de l&rsquo;INRS \u00e0 d\u00e9livrer des certificats de Sauveteur Secouriste du Travail<br \/><\/strong><\/p>\n<p>[\/et_pb_text][\/et_pb_column][et_pb_column type=\u00a0\u00bb1_3&Prime; _builder_version=\u00a0\u00bb4.25.1&Prime; _module_preset=\u00a0\u00bbdefault\u00a0\u00bb global_colors_info=\u00a0\u00bb{}\u00a0\u00bb][et_pb_image src=\u00a0\u00bbhttps:\/\/www.schneider-prevention.fr\/wp-content\/uploads\/2024\/06\/icone-SST.png\u00a0\u00bb title_text=\u00a0\u00bbicone SST\u00a0\u00bb _builder_version=\u00a0\u00bb4.25.1&Prime; _module_preset=\u00a0\u00bbdefault\u00a0\u00bb width=\u00a0\u00bb85%\u00a0\u00bb global_colors_info=\u00a0\u00bb{}\u00a0\u00bb][\/et_pb_image][et_pb_text _builder_version=\u00a0\u00bb4.25.1&Prime; _module_preset=\u00a0\u00bbdefault\u00a0\u00bb global_colors_info=\u00a0\u00bb{}\u00a0\u00bb]<\/p>\n<p style=\"text-align: center;\"><strong>Habilitation de l&rsquo;INRS \u00e0 d\u00e9livrer des certificats de Formateur en Sauvetage Secourisme du Travail<br \/><\/strong><\/p>\n<p>[\/et_pb_text][\/et_pb_column][\/et_pb_row][et_pb_row _builder_version=\u00a0\u00bb4.25.2&Prime; _module_preset=\u00a0\u00bbdefault\u00a0\u00bb global_colors_info=\u00a0\u00bb{}\u00a0\u00bb][et_pb_column type=\u00a0\u00bb4_4&Prime; _builder_version=\u00a0\u00bb4.25.2&Prime; _module_preset=\u00a0\u00bbdefault\u00a0\u00bb global_colors_info=\u00a0\u00bb{}\u00a0\u00bb][et_pb_divider _builder_version=\u00a0\u00bb4.25.2&Prime; _module_preset=\u00a0\u00bbdefault\u00a0\u00bb global_colors_info=\u00a0\u00bb{}\u00a0\u00bb][\/et_pb_divider][\/et_pb_column][\/et_pb_row][et_pb_row _builder_version=\u00a0\u00bb4.25.2&Prime; _module_preset=\u00a0\u00bbdefault\u00a0\u00bb global_colors_info=\u00a0\u00bb{}\u00a0\u00bb][et_pb_column type=\u00a0\u00bb4_4&Prime; _builder_version=\u00a0\u00bb4.25.2&Prime; _module_preset=\u00a0\u00bbdefault\u00a0\u00bb global_colors_info=\u00a0\u00bb{}\u00a0\u00bb][et_pb_text _builder_version=\u00a0\u00bb4.25.2&Prime; _module_preset=\u00a0\u00bbdefault\u00a0\u00bb global_colors_info=\u00a0\u00bb{}\u00a0\u00bb]<\/p>\n<h1><strong><span style=\"color: #000080;\">Toutes nos formations<\/span><\/strong><\/h1>\n<p>[\/et_pb_text][et_pb_text _builder_version=\u00a0\u00bb4.27.0&Prime; _module_preset=\u00a0\u00bbdefault\u00a0\u00bb global_colors_info=\u00a0\u00bb{}\u00a0\u00bb]<\/p>\n<h2>:: Nous vous proposons un large \u00e9ventail de formation dans la pr\u00e9vention des risques professionnels et la s\u00e9curit\u00e9 et cela sur toute la France, en particulier dans la r\u00e9gion Centre-Val-de-Loire (Orl\u00e9ans, Chartres, Blois, Tours, Bourges, Dreux, Olivet)\u00a0 et dans la r\u00e9gion Ile-de-France :<\/h2>\n<ul>\n<li><span style=\"color: #008000;\"><strong>SST, MAC SST,<br \/><\/strong><\/span><\/li>\n<li><span style=\"color: #008000;\"><strong>Formateur SST, MAC Formateur SST<\/strong><\/span><\/li>\n<li><span style=\"color: #008000;\"><strong>Gestes qui sauvent en r\u00e9alit\u00e9 virtuelle, initiation \u00e0 la d\u00e9fibrillation<br \/><\/strong><\/span><\/li>\n<li><span style=\"color: #008000;\"><strong>PRAP IBC, PRAP2S-ALM, MAC PRAP, gestes et postures<\/strong><\/span><\/li>\n<li><span style=\"color: #ff0000;\"><strong>Manipulation des extincteurs, \u00c9quipier de 1\u00e8re intervention, \u00c9quipier d&rsquo;\u00e9vacuation, guide-file, serre-file<\/strong><\/span><\/li>\n<li><span style=\"color: #ff0000;\"><strong>Formateur Incendie, \u00c9quipier de 1\u00e8re intervention en r\u00e9alit\u00e9 virtuelle<\/strong><\/span><\/li>\n<li><strong><span style=\"color: #ff9900;\">Habilitation \u00e9lectrique: H0B0, BSBE<\/span><\/strong><\/li>\n<li><strong><span style=\"color: #ff9900;\">AIPR (op\u00e9rateur, encadrant, concepteur)<\/span><\/strong><\/li>\n<li><strong><span style=\"color: #ff9900;\">ATEX niveau 0, initiation aux risques chimiques<\/span><\/strong><\/li>\n<li><strong><span style=\"color: #008080;\">Formation des membres \u00e9lus du CSE, formation CSSCT et formation \u00e9conomique<\/span><\/strong><\/li>\n<li><strong><span style=\"color: #008080;\">Pr\u00e9vention des RPS: Comprendre et Agir<br \/><\/span><\/strong><\/li>\n<li><strong><span style=\"color: #008080;\">R\u00e9f\u00e9rent harc\u00e8lement<\/span><\/strong><\/li>\n<li><strong><span style=\"color: #008080;\">Salari\u00e9 d\u00e9sign\u00e9 comp\u00e9tent<\/span><\/strong><\/li>\n<li><span style=\"color: #00ff00;\"><strong>\u00c9coconduite (VL, PL, VU, BUS)<\/strong><\/span><\/li>\n<\/ul>\n<p>[\/et_pb_text][\/et_pb_column][\/et_pb_row][et_pb_row _builder_version=\u00a0\u00bb4.25.2&Prime; _module_preset=\u00a0\u00bbdefault\u00a0\u00bb global_colors_info=\u00a0\u00bb{}\u00a0\u00bb][et_pb_column type=\u00a0\u00bb4_4&Prime; _builder_version=\u00a0\u00bb4.25.2&Prime; _module_preset=\u00a0\u00bbdefault\u00a0\u00bb global_colors_info=\u00a0\u00bb{}\u00a0\u00bb][et_pb_divider _builder_version=\u00a0\u00bb4.25.2&Prime; _module_preset=\u00a0\u00bbdefault\u00a0\u00bb global_colors_info=\u00a0\u00bb{}\u00a0\u00bb][\/et_pb_divider][et_pb_text _builder_version=\u00a0\u00bb4.25.2&Prime; _module_preset=\u00a0\u00bbdefault\u00a0\u00bb global_colors_info=\u00a0\u00bb{}\u00a0\u00bb]<\/p>\n<h1><strong><span style=\"color: #000080;\">R\u00e9f\u00e9rent handicap<br \/><\/span><\/strong><\/h1>\n<p>[\/et_pb_text][\/et_pb_column][\/et_pb_row][et_pb_row column_structure=\u00a0\u00bb1_2,1_2&Prime; _builder_version=\u00a0\u00bb4.25.2&Prime; _module_preset=\u00a0\u00bbdefault\u00a0\u00bb global_colors_info=\u00a0\u00bb{}\u00a0\u00bb][et_pb_column type=\u00a0\u00bb1_2&Prime; _builder_version=\u00a0\u00bb4.25.2&Prime; _module_preset=\u00a0\u00bbdefault\u00a0\u00bb global_colors_info=\u00a0\u00bb{}\u00a0\u00bb][et_pb_image src=\u00a0\u00bbhttps:\/\/www.schneider-prevention.fr\/wp-content\/uploads\/2024\/07\/logo-referent-handicap.png\u00a0\u00bb title_text=\u00a0\u00bblogo r\u00e9f\u00e9rent handicap\u00a0\u00bb _builder_version=\u00a0\u00bb4.25.2&Prime; _module_preset=\u00a0\u00bbdefault\u00a0\u00bb width=\u00a0\u00bb55%\u00a0\u00bb module_alignment=\u00a0\u00bbcenter\u00a0\u00bb global_colors_info=\u00a0\u00bb{}\u00a0\u00bb][\/et_pb_image][\/et_pb_column][et_pb_column type=\u00a0\u00bb1_2&Prime; _builder_version=\u00a0\u00bb4.25.2&Prime; _module_preset=\u00a0\u00bbdefault\u00a0\u00bb global_colors_info=\u00a0\u00bb{}\u00a0\u00bb][et_pb_text _builder_version=\u00a0\u00bb4.25.2&Prime; _module_preset=\u00a0\u00bbdefault\u00a0\u00bb text_font=\u00a0\u00bbArial||||||||\u00a0\u00bb module_alignment=\u00a0\u00bbcenter\u00a0\u00bb global_colors_info=\u00a0\u00bb{}\u00a0\u00bb]<\/p>\n<h4 style=\"text-align: justify;\"><span style=\"color: #000000;\">Le R\u00e9f\u00e9rent handicap travaille en \u00e9troite collaboration avec les \u00e9quipes internes pour \u00e9valuer et am\u00e9liorer l&rsquo;accessibilit\u00e9 des formations et des locaux. Il veille \u00e0 ce que les infrastructures, les supports p\u00e9dagogiques et les m\u00e9thodes d&rsquo;enseignement soient adapt\u00e9s aux diff\u00e9rentes formes de handicap, garantissant ainsi une exp\u00e9rience d&rsquo;<strong>apprentissage optimale pour tous<\/strong>.<\/span><\/h4>\n<h4 style=\"text-align: justify;\"><span style=\"color: #000000;\">En cas de besoin d&rsquo;adaptation pour pour toute question s&rsquo;y rapportant, vous pouvez contacter <strong>St\u00e9phanie :<\/strong><\/span><\/h4>\n<ul>\n<li style=\"text-align: justify;\"><span style=\"color: #000000;\"><strong>par mail sur <a href=\"mailto:stephanie@schneider-prevention.fr\" style=\"color: #000000;\">stephanie@schneider-prevention.fr<\/a><\/strong><\/span><\/li>\n<li style=\"text-align: justify;\"><span style=\"color: #000000;\"><strong>par t\u00e9l\u00e9phone au 0594 32 37 13<\/strong><\/span><\/li>\n<\/ul>\n<p>[\/et_pb_text][\/et_pb_column][\/et_pb_row][et_pb_row _builder_version=\u00a0\u00bb4.27.5&Prime; _module_preset=\u00a0\u00bbdefault\u00a0\u00bb][et_pb_column _builder_version=\u00a0\u00bb4.27.5&Prime; _module_preset=\u00a0\u00bbdefault\u00a0\u00bb type=\u00a0\u00bb4_4&Prime;][\/et_pb_column][\/et_pb_row][et_pb_row _builder_version=\u00a0\u00bb4.27.0&Prime; _module_preset=\u00a0\u00bbdefault\u00a0\u00bb global_colors_info=\u00a0\u00bb{}\u00a0\u00bb][et_pb_column type=\u00a0\u00bb4_4&Prime; _builder_version=\u00a0\u00bb4.27.0&Prime; _module_preset=\u00a0\u00bbdefault\u00a0\u00bb global_colors_info=\u00a0\u00bb{}\u00a0\u00bb][et_pb_divider _builder_version=\u00a0\u00bb4.25.2&Prime; _module_preset=\u00a0\u00bbdefault\u00a0\u00bb global_colors_info=\u00a0\u00bb{}\u00a0\u00bb][\/et_pb_divider][et_pb_text _builder_version=\u00a0\u00bb4.27.0&Prime; _module_preset=\u00a0\u00bbdefault\u00a0\u00bb global_colors_info=\u00a0\u00bb{}\u00a0\u00bb]<\/p>\n<h1><strong><span style=\"color: #000080;\">Certificat QUALIOPI<br \/><\/span><\/strong><\/h1>\n<p>[\/et_pb_text][et_pb_image src=\u00a0\u00bbhttps:\/\/www.schneider-prevention.fr\/wp-content\/uploads\/2025\/02\/23557872-SCHNEIDER-PREVENTION-Qualiopi-pdf.jpg\u00a0\u00bb title_text=\u00a0\u00bb23557872 &#8211; SCHNEIDER PREVENTION &#8211; Qualiopi\u00a0\u00bb _builder_version=\u00a0\u00bb4.27.4&Prime; _module_preset=\u00a0\u00bbdefault\u00a0\u00bb global_colors_info=\u00a0\u00bb{}\u00a0\u00bb][\/et_pb_image][\/et_pb_column][\/et_pb_row][\/et_pb_section]<\/p>\n","protected":false},"excerpt":{"rendered":"<p>Nous croyons fermement en la s\u00e9curit\u00e9 et en la pr\u00e9vention des risques professionnels. Chez Schneider Pr\u00e9vention, votre s\u00e9curit\u00e9 est notre priorit\u00e9 absolue. Nous mettons \u00e0 profit notre expertise pour former et accompagner les professionnels dans leur d\u00e9marche de pr\u00e9vention. Engagez-vous avec nous pour garantir un environnement de travail s\u00fbr et sain. Contactez-nous d\u00e8s aujourd&rsquo;hui pour [&hellip;]<\/p>\n","protected":false},"author":2,"featured_media":0,"parent":0,"menu_order":0,"comment_status":"closed","ping_status":"closed","template":"","meta":{"_et_pb_use_builder":"on","_et_pb_old_content":"","_et_gb_content_width":"","footnotes":""},"class_list":["post-1787","page","type-page","status-publish","hentry"],"_links":{"self":[{"href":"https:\/\/www.schneider-prevention.fr\/index.php\/wp-json\/wp\/v2\/pages\/1787","targetHints":{"allow":["GET"]}}],"collection":[{"href":"https:\/\/www.schneider-prevention.fr\/index.php\/wp-json\/wp\/v2\/pages"}],"about":[{"href":"https:\/\/www.schneider-prevention.fr\/index.php\/wp-json\/wp\/v2\/types\/page"}],"author":[{"embeddable":true,"href":"https:\/\/www.schneider-prevention.fr\/index.php\/wp-json\/wp\/v2\/users\/2"}],"replies":[{"embeddable":true,"href":"https:\/\/www.schneider-prevention.fr\/index.php\/wp-json\/wp\/v2\/comments?post=1787"}],"version-history":[{"count":16,"href":"https:\/\/www.schneider-prevention.fr\/index.php\/wp-json\/wp\/v2\/pages\/1787\/revisions"}],"predecessor-version":[{"id":2264,"href":"https:\/\/www.schneider-prevention.fr\/index.php\/wp-json\/wp\/v2\/pages\/1787\/revisions\/2264"}],"wp:attachment":[{"href":"https:\/\/www.schneider-prevention.fr\/index.php\/wp-json\/wp\/v2\/media?parent=1787"}],"curies":[{"name":"wp","href":"https:\/\/api.w.org\/{rel}","templated":true}]}}